{"id":115,"date":"2018-06-09T09:58:39","date_gmt":"2018-06-09T09:58:39","guid":{"rendered":"https:\/\/archline.ch\/?page_id=115"},"modified":"2025-02-14T11:32:32","modified_gmt":"2025-02-14T11:32:32","slug":"services-en-architecture","status":"publish","type":"page","link":"https:\/\/archline.ch\/index.php\/services-en-architecture\/","title":{"rendered":"Sous-traitance de dessins d&rsquo;architecture"},"content":{"rendered":"<p class=\"p1\" style=\"text-align: center;\">Nous proposons la r\u00e9alisations des dessins d\u2019architecture avec Archicad, AutoCAD ou Revit.<\/p>\n<p class=\"p1\" style=\"text-align: center;\">Les dessins sont faits selon vos croquis ou des anciens dessins, pdf, etc.<\/p>\n<p class=\"p1\" style=\"text-align: center;\">Actuellement le tarif appliqu\u00e9 est seulement chf 75.-\/h.<\/p>\n<p class=\"p1\" style=\"text-align: center;\">Nous proposons notre service pour des travaux suivants:<\/p>\n<p class=\"p1\" style=\"text-align: center;\">&#8211; Dessins du stade d\u2019avant-projet au 1\/100 \u00e8me;<\/p>\n<p class=\"p1\" style=\"text-align: center;\">&#8211; R\u00e9alisation des plans et des d\u00e9tails du stade d&rsquo;ex\u00e9cution au 1\/50 \u00e8me;<\/p>\n<p class=\"p1\" style=\"text-align: center;\">&#8211; Dossier de la demande d\u2019APA et CAMAC;<\/p>\n<p class=\"p1\" style=\"text-align: center;\">&#8211; Visualisations 3D, etc.;<\/p>\n<p class=\"p1\" style=\"text-align: center;\">\u00a0 \u00a0&#8211; Dessins et visualisations pour les concours d&rsquo;architecture selon vos croquis.<\/p>\n<p class=\"p1\" style=\"text-align: center;\">\u00a0 \u00a0 \u00a0 \u00a0 Un forfait sp\u00e9cial de 1790.- existe pour la r\u00e9alisation du dossier de concours en architecture.<\/p>\n<p style=\"text-align: center;\">\u00a0 \u00a0 \u00a0 \u00a0 \u00a0Nous sommes actifs \u00e0 Gen\u00e8ve, Vaud, Valais et Fribourg. Et les autres cantons selon le projet.<\/p>\n<p style=\"text-align: center;\">Des dizaines de projets sont d\u00e9j\u00e0 sous-trait\u00e9s avec notre assistance.<\/p>\n<p style=\"text-align: center;\">Veuillez trouver ci-dessous un projet dessin\u00e9 selon les croquis de\u00a0 notre confr\u00e8re\u00a0 genevois l&rsquo;architecte J.-J. Tschumi.\u00a0<\/p>\n<p>\u00a0<\/p>\n<p style=\"text-align: center;\"><strong>Croquis de r\u00e9f\u00e9rence de la vue g\u00e9n\u00e9rale du projet<\/strong><\/p>\n<p><img loading=\"lazy\" decoding=\"async\" class=\"aligncenter wp-image-1244 size-large\" src=\"https:\/\/archline.ch\/wp-content\/uploads\/2024\/12\/Vue-Generale-Croquis-1024x723.jpg\" alt=\"\" width=\"1024\" height=\"723\" srcset=\"https:\/\/archline.ch\/wp-content\/uploads\/2024\/12\/Vue-Generale-Croquis-1024x723.jpg 1024w, https:\/\/archline.ch\/wp-content\/uploads\/2024\/12\/Vue-Generale-Croquis-300x212.jpg 300w, https:\/\/archline.ch\/wp-content\/uploads\/2024\/12\/Vue-Generale-Croquis-768x542.jpg 768w, https:\/\/archline.ch\/wp-content\/uploads\/2024\/12\/Vue-Generale-Croquis-1536x1085.jpg 1536w, https:\/\/archline.ch\/wp-content\/uploads\/2024\/12\/Vue-Generale-Croquis-2048x1447.jpg 2048w, https:\/\/archline.ch\/wp-content\/uploads\/2024\/12\/Vue-Generale-Croquis-1200x848.jpg 1200w\" sizes=\"(max-width: 1024px) 100vw, 1024px\" \/><\/p>\n\n\n<p class=\"has-text-align-center\"><strong>Dessin<\/strong> <strong>fait avec Autocad<\/strong><\/p>\n\n\n<div class=\"wp-block-image\">\n<figure class=\"aligncenter size-full is-resized\"><img loading=\"lazy\" decoding=\"async\" width=\"2382\" height=\"1684\" src=\"https:\/\/archline.ch\/wp-content\/uploads\/2024\/12\/La-RENCONTRE-Vue-generale.jpg\" alt=\"\" class=\"wp-image-1236\" style=\"aspect-ratio:4\/3;object-fit:cover;width:910px;height:auto\" srcset=\"https:\/\/archline.ch\/wp-content\/uploads\/2024\/12\/La-RENCONTRE-Vue-generale.jpg 2382w, https:\/\/archline.ch\/wp-content\/uploads\/2024\/12\/La-RENCONTRE-Vue-generale-300x212.jpg 300w, https:\/\/archline.ch\/wp-content\/uploads\/2024\/12\/La-RENCONTRE-Vue-generale-1024x724.jpg 1024w, https:\/\/archline.ch\/wp-content\/uploads\/2024\/12\/La-RENCONTRE-Vue-generale-768x543.jpg 768w, https:\/\/archline.ch\/wp-content\/uploads\/2024\/12\/La-RENCONTRE-Vue-generale-1536x1086.jpg 1536w, https:\/\/archline.ch\/wp-content\/uploads\/2024\/12\/La-RENCONTRE-Vue-generale-2048x1448.jpg 2048w, https:\/\/archline.ch\/wp-content\/uploads\/2024\/12\/La-RENCONTRE-Vue-generale-1200x848.jpg 1200w\" sizes=\"(max-width: 2382px) 100vw, 2382px\" \/><\/figure><\/div>\n\n\n<p><\/p>\n\n\n\n<p><\/p>\n\n\n\n<p class=\"has-text-align-center\"><strong>Croquis<\/strong> <strong>de r\u00e9f\u00e9rence<\/strong> <strong>de l&rsquo;espace Danse<\/strong> <\/p>\n\n\n<div class=\"wp-block-image\">\n<figure class=\"aligncenter size-large\"><img loading=\"lazy\" decoding=\"async\" width=\"1024\" height=\"723\" src=\"https:\/\/archline.ch\/wp-content\/uploads\/2024\/12\/Danse-plan-RDC-1024x723.jpg\" alt=\"\" class=\"wp-image-1257\" srcset=\"https:\/\/archline.ch\/wp-content\/uploads\/2024\/12\/Danse-plan-RDC-1024x723.jpg 1024w, https:\/\/archline.ch\/wp-content\/uploads\/2024\/12\/Danse-plan-RDC-300x212.jpg 300w, https:\/\/archline.ch\/wp-content\/uploads\/2024\/12\/Danse-plan-RDC-768x542.jpg 768w, https:\/\/archline.ch\/wp-content\/uploads\/2024\/12\/Danse-plan-RDC-1536x1085.jpg 1536w, https:\/\/archline.ch\/wp-content\/uploads\/2024\/12\/Danse-plan-RDC-2048x1447.jpg 2048w, https:\/\/archline.ch\/wp-content\/uploads\/2024\/12\/Danse-plan-RDC-1200x848.jpg 1200w\" sizes=\"(max-width: 1024px) 100vw, 1024px\" \/><\/figure><\/div>\n\n\n<p><\/p>\n\n\n\n<p class=\"has-text-align-center\"><strong>Dessin<\/strong> <strong>fait avec Autocad<\/strong><\/p>\n\n\n<div class=\"wp-block-image\">\n<figure class=\"aligncenter size-large\"><img loading=\"lazy\" decoding=\"async\" width=\"1024\" height=\"724\" src=\"https:\/\/archline.ch\/wp-content\/uploads\/2024\/12\/Danse-plan-RDC-dessin-1024x724.jpg\" alt=\"\" class=\"wp-image-1259\" srcset=\"https:\/\/archline.ch\/wp-content\/uploads\/2024\/12\/Danse-plan-RDC-dessin-1024x724.jpg 1024w, https:\/\/archline.ch\/wp-content\/uploads\/2024\/12\/Danse-plan-RDC-dessin-300x212.jpg 300w, https:\/\/archline.ch\/wp-content\/uploads\/2024\/12\/Danse-plan-RDC-dessin-768x543.jpg 768w, https:\/\/archline.ch\/wp-content\/uploads\/2024\/12\/Danse-plan-RDC-dessin-1536x1086.jpg 1536w, https:\/\/archline.ch\/wp-content\/uploads\/2024\/12\/Danse-plan-RDC-dessin-2048x1448.jpg 2048w, https:\/\/archline.ch\/wp-content\/uploads\/2024\/12\/Danse-plan-RDC-dessin-1200x848.jpg 1200w\" sizes=\"(max-width: 1024px) 100vw, 1024px\" \/><\/figure><\/div>\n\n\n<p><\/p>\n\n\n\n<p class=\"has-text-align-center\"><strong>Croquis de r\u00e9f\u00e9rence<\/strong> <strong>du plan RDC de l&rsquo;habitation <\/strong><\/p>\n\n\n\n<figure class=\"wp-block-image size-large\"><img loading=\"lazy\" decoding=\"async\" width=\"1024\" height=\"723\" src=\"https:\/\/archline.ch\/wp-content\/uploads\/2024\/12\/Habitation-plan-RDC-croquis-1024x723.jpg\" alt=\"\" class=\"wp-image-1270\" srcset=\"https:\/\/archline.ch\/wp-content\/uploads\/2024\/12\/Habitation-plan-RDC-croquis-1024x723.jpg 1024w, https:\/\/archline.ch\/wp-content\/uploads\/2024\/12\/Habitation-plan-RDC-croquis-300x212.jpg 300w, https:\/\/archline.ch\/wp-content\/uploads\/2024\/12\/Habitation-plan-RDC-croquis-768x542.jpg 768w, https:\/\/archline.ch\/wp-content\/uploads\/2024\/12\/Habitation-plan-RDC-croquis-1536x1085.jpg 1536w, https:\/\/archline.ch\/wp-content\/uploads\/2024\/12\/Habitation-plan-RDC-croquis-2048x1447.jpg 2048w, https:\/\/archline.ch\/wp-content\/uploads\/2024\/12\/Habitation-plan-RDC-croquis-1200x848.jpg 1200w\" sizes=\"(max-width: 1024px) 100vw, 1024px\" \/><\/figure>\n\n\n\n<p><\/p>\n\n\n\n<p><\/p>\n\n\n\n<p class=\"has-text-align-center\"><strong>Dessin fait avec Autocad<\/strong><\/p>\n\n\n\n<figure class=\"wp-block-image size-large\"><img loading=\"lazy\" decoding=\"async\" width=\"1024\" height=\"724\" src=\"https:\/\/archline.ch\/wp-content\/uploads\/2024\/12\/Habitation-plan-RDC-dessin-1-1024x724.jpg\" alt=\"\" class=\"wp-image-1279\" srcset=\"https:\/\/archline.ch\/wp-content\/uploads\/2024\/12\/Habitation-plan-RDC-dessin-1-1024x724.jpg 1024w, https:\/\/archline.ch\/wp-content\/uploads\/2024\/12\/Habitation-plan-RDC-dessin-1-300x212.jpg 300w, https:\/\/archline.ch\/wp-content\/uploads\/2024\/12\/Habitation-plan-RDC-dessin-1-768x543.jpg 768w, https:\/\/archline.ch\/wp-content\/uploads\/2024\/12\/Habitation-plan-RDC-dessin-1-1536x1086.jpg 1536w, https:\/\/archline.ch\/wp-content\/uploads\/2024\/12\/Habitation-plan-RDC-dessin-1-2048x1448.jpg 2048w, https:\/\/archline.ch\/wp-content\/uploads\/2024\/12\/Habitation-plan-RDC-dessin-1-1200x848.jpg 1200w\" sizes=\"(max-width: 1024px) 100vw, 1024px\" \/><\/figure>\n\n\n\n<p><\/p>\n\n\n\n<p><\/p>\n\n\n\n<p><\/p>\n\n\n\n<p class=\"has-text-align-center\"><strong>Croquis de r\u00e9f\u00e9rence<\/strong> <strong>du plan RDC de l&rsquo;habitation <\/strong><\/p>\n\n\n\n<figure class=\"wp-block-image size-large\"><img loading=\"lazy\" decoding=\"async\" width=\"1024\" height=\"723\" src=\"https:\/\/archline.ch\/wp-content\/uploads\/2024\/12\/Habitation-plan-Etage-croquis-1024x723.jpg\" alt=\"\" class=\"wp-image-1283\" srcset=\"https:\/\/archline.ch\/wp-content\/uploads\/2024\/12\/Habitation-plan-Etage-croquis-1024x723.jpg 1024w, https:\/\/archline.ch\/wp-content\/uploads\/2024\/12\/Habitation-plan-Etage-croquis-300x212.jpg 300w, https:\/\/archline.ch\/wp-content\/uploads\/2024\/12\/Habitation-plan-Etage-croquis-768x542.jpg 768w, https:\/\/archline.ch\/wp-content\/uploads\/2024\/12\/Habitation-plan-Etage-croquis-1536x1085.jpg 1536w, https:\/\/archline.ch\/wp-content\/uploads\/2024\/12\/Habitation-plan-Etage-croquis-2048x1447.jpg 2048w, https:\/\/archline.ch\/wp-content\/uploads\/2024\/12\/Habitation-plan-Etage-croquis-1200x848.jpg 1200w\" sizes=\"(max-width: 1024px) 100vw, 1024px\" \/><\/figure>\n\n\n\n<p><\/p>\n\n\n\n<p><\/p>\n\n\n\n<p class=\"has-text-align-center\"><strong>Dessin fait avec Autocad<\/strong><\/p>\n\n\n<div class=\"wp-block-image\">\n<figure class=\"aligncenter size-large\"><img loading=\"lazy\" decoding=\"async\" width=\"1024\" height=\"724\" src=\"https:\/\/archline.ch\/wp-content\/uploads\/2024\/12\/Habitation-plan-RDC-dessin-1024x724.jpg\" alt=\"\" class=\"wp-image-1274\" srcset=\"https:\/\/archline.ch\/wp-content\/uploads\/2024\/12\/Habitation-plan-RDC-dessin-1024x724.jpg 1024w, https:\/\/archline.ch\/wp-content\/uploads\/2024\/12\/Habitation-plan-RDC-dessin-300x212.jpg 300w, https:\/\/archline.ch\/wp-content\/uploads\/2024\/12\/Habitation-plan-RDC-dessin-768x543.jpg 768w, https:\/\/archline.ch\/wp-content\/uploads\/2024\/12\/Habitation-plan-RDC-dessin-1536x1086.jpg 1536w, https:\/\/archline.ch\/wp-content\/uploads\/2024\/12\/Habitation-plan-RDC-dessin-2048x1448.jpg 2048w, https:\/\/archline.ch\/wp-content\/uploads\/2024\/12\/Habitation-plan-RDC-dessin-1200x848.jpg 1200w\" sizes=\"(max-width: 1024px) 100vw, 1024px\" \/><\/figure><\/div>\n\n\n<p><\/p>\n\n\n\n<p><\/p>\n\n\n\n<p><\/p>\n\n\n\n<p class=\"has-text-align-center\"><strong>Croquis de la Toiture de l&rsquo;habitation<\/strong><\/p>\n\n\n\n<figure class=\"wp-block-image size-large\"><img loading=\"lazy\" decoding=\"async\" width=\"1024\" height=\"723\" src=\"https:\/\/archline.ch\/wp-content\/uploads\/2024\/12\/Habitation-Toiture-croquis-1024x723.jpg\" alt=\"\" class=\"wp-image-1288\" srcset=\"https:\/\/archline.ch\/wp-content\/uploads\/2024\/12\/Habitation-Toiture-croquis-1024x723.jpg 1024w, https:\/\/archline.ch\/wp-content\/uploads\/2024\/12\/Habitation-Toiture-croquis-300x212.jpg 300w, https:\/\/archline.ch\/wp-content\/uploads\/2024\/12\/Habitation-Toiture-croquis-768x542.jpg 768w, https:\/\/archline.ch\/wp-content\/uploads\/2024\/12\/Habitation-Toiture-croquis-1536x1085.jpg 1536w, https:\/\/archline.ch\/wp-content\/uploads\/2024\/12\/Habitation-Toiture-croquis-2048x1447.jpg 2048w, https:\/\/archline.ch\/wp-content\/uploads\/2024\/12\/Habitation-Toiture-croquis-1200x848.jpg 1200w\" sizes=\"(max-width: 1024px) 100vw, 1024px\" \/><\/figure>\n\n\n\n<p><\/p>\n\n\n\n<p class=\"has-text-align-center\"><strong>Dessin fait avec Autocad<\/strong><\/p>\n\n\n\n<figure class=\"wp-block-image size-large\"><img loading=\"lazy\" decoding=\"async\" width=\"1024\" height=\"724\" src=\"https:\/\/archline.ch\/wp-content\/uploads\/2024\/12\/Habitation-Toiture-dessin-1024x724.jpg\" alt=\"\" class=\"wp-image-1289\" srcset=\"https:\/\/archline.ch\/wp-content\/uploads\/2024\/12\/Habitation-Toiture-dessin-1024x724.jpg 1024w, https:\/\/archline.ch\/wp-content\/uploads\/2024\/12\/Habitation-Toiture-dessin-300x212.jpg 300w, https:\/\/archline.ch\/wp-content\/uploads\/2024\/12\/Habitation-Toiture-dessin-768x543.jpg 768w, https:\/\/archline.ch\/wp-content\/uploads\/2024\/12\/Habitation-Toiture-dessin-1536x1086.jpg 1536w, https:\/\/archline.ch\/wp-content\/uploads\/2024\/12\/Habitation-Toiture-dessin-2048x1448.jpg 2048w, https:\/\/archline.ch\/wp-content\/uploads\/2024\/12\/Habitation-Toiture-dessin-1200x848.jpg 1200w\" sizes=\"(max-width: 1024px) 100vw, 1024px\" \/><\/figure>\n\n\n\n<p><\/p>\n\n\n\n<p><\/p>\n\n\n\n<p><\/p>\n\n\n\n<p class=\"has-text-align-center\"><strong>Croquis de la Coupe longitudinale de l&rsquo;habitation<\/strong><\/p>\n\n\n\n<figure class=\"wp-block-image size-large\"><img loading=\"lazy\" decoding=\"async\" width=\"1024\" height=\"723\" src=\"https:\/\/archline.ch\/wp-content\/uploads\/2024\/12\/Habitation-Coupe-Longitudinale-croquis-1024x723.jpg\" alt=\"\" class=\"wp-image-1294\" srcset=\"https:\/\/archline.ch\/wp-content\/uploads\/2024\/12\/Habitation-Coupe-Longitudinale-croquis-1024x723.jpg 1024w, https:\/\/archline.ch\/wp-content\/uploads\/2024\/12\/Habitation-Coupe-Longitudinale-croquis-300x212.jpg 300w, https:\/\/archline.ch\/wp-content\/uploads\/2024\/12\/Habitation-Coupe-Longitudinale-croquis-768x542.jpg 768w, https:\/\/archline.ch\/wp-content\/uploads\/2024\/12\/Habitation-Coupe-Longitudinale-croquis-1536x1085.jpg 1536w, https:\/\/archline.ch\/wp-content\/uploads\/2024\/12\/Habitation-Coupe-Longitudinale-croquis-2048x1447.jpg 2048w, https:\/\/archline.ch\/wp-content\/uploads\/2024\/12\/Habitation-Coupe-Longitudinale-croquis-1200x848.jpg 1200w\" sizes=\"(max-width: 1024px) 100vw, 1024px\" \/><\/figure>\n\n\n\n<p><\/p>\n\n\n\n<p><\/p>\n\n\n\n<p class=\"has-text-align-center\"><strong>Dessin fait avec Autocad<\/strong><\/p>\n\n\n\n<figure class=\"wp-block-image size-large\"><img loading=\"lazy\" decoding=\"async\" width=\"1024\" height=\"724\" src=\"https:\/\/archline.ch\/wp-content\/uploads\/2024\/12\/Habitation-Coupe-Longitudinale-dessin-1024x724.jpg\" alt=\"\" class=\"wp-image-1295\" srcset=\"https:\/\/archline.ch\/wp-content\/uploads\/2024\/12\/Habitation-Coupe-Longitudinale-dessin-1024x724.jpg 1024w, https:\/\/archline.ch\/wp-content\/uploads\/2024\/12\/Habitation-Coupe-Longitudinale-dessin-300x212.jpg 300w, https:\/\/archline.ch\/wp-content\/uploads\/2024\/12\/Habitation-Coupe-Longitudinale-dessin-768x543.jpg 768w, https:\/\/archline.ch\/wp-content\/uploads\/2024\/12\/Habitation-Coupe-Longitudinale-dessin-1536x1086.jpg 1536w, https:\/\/archline.ch\/wp-content\/uploads\/2024\/12\/Habitation-Coupe-Longitudinale-dessin-2048x1448.jpg 2048w, https:\/\/archline.ch\/wp-content\/uploads\/2024\/12\/Habitation-Coupe-Longitudinale-dessin-1200x848.jpg 1200w\" sizes=\"(max-width: 1024px) 100vw, 1024px\" \/><\/figure>\n\n\n\n<p><\/p>\n\n\n\n<p><\/p>\n\n\n\n<p class=\"has-text-align-center\"><strong>Dessins faits avec Autocad<\/strong><\/p>\n\n\n\n<figure class=\"wp-block-image size-large\"><img loading=\"lazy\" decoding=\"async\" width=\"1024\" height=\"724\" src=\"https:\/\/archline.ch\/wp-content\/uploads\/2024\/12\/Habitation-plan-FE-dessin-1024x724.jpg\" alt=\"\" class=\"wp-image-1298\" srcset=\"https:\/\/archline.ch\/wp-content\/uploads\/2024\/12\/Habitation-plan-FE-dessin-1024x724.jpg 1024w, https:\/\/archline.ch\/wp-content\/uploads\/2024\/12\/Habitation-plan-FE-dessin-300x212.jpg 300w, https:\/\/archline.ch\/wp-content\/uploads\/2024\/12\/Habitation-plan-FE-dessin-768x543.jpg 768w, https:\/\/archline.ch\/wp-content\/uploads\/2024\/12\/Habitation-plan-FE-dessin-1536x1086.jpg 1536w, https:\/\/archline.ch\/wp-content\/uploads\/2024\/12\/Habitation-plan-FE-dessin-2048x1448.jpg 2048w, https:\/\/archline.ch\/wp-content\/uploads\/2024\/12\/Habitation-plan-FE-dessin-1200x848.jpg 1200w\" sizes=\"(max-width: 1024px) 100vw, 1024px\" \/><\/figure>\n\n\n\n<p><\/p>\n\n\n\n<figure class=\"wp-block-image size-large\"><img loading=\"lazy\" decoding=\"async\" width=\"1024\" height=\"724\" src=\"https:\/\/archline.ch\/wp-content\/uploads\/2024\/12\/Habitation-Coupe-Transversale-dessin-1024x724.jpg\" alt=\"\" class=\"wp-image-1300\" srcset=\"https:\/\/archline.ch\/wp-content\/uploads\/2024\/12\/Habitation-Coupe-Transversale-dessin-1024x724.jpg 1024w, https:\/\/archline.ch\/wp-content\/uploads\/2024\/12\/Habitation-Coupe-Transversale-dessin-300x212.jpg 300w, https:\/\/archline.ch\/wp-content\/uploads\/2024\/12\/Habitation-Coupe-Transversale-dessin-768x543.jpg 768w, https:\/\/archline.ch\/wp-content\/uploads\/2024\/12\/Habitation-Coupe-Transversale-dessin-1536x1086.jpg 1536w, https:\/\/archline.ch\/wp-content\/uploads\/2024\/12\/Habitation-Coupe-Transversale-dessin-2048x1448.jpg 2048w, https:\/\/archline.ch\/wp-content\/uploads\/2024\/12\/Habitation-Coupe-Transversale-dessin-1200x848.jpg 1200w\" sizes=\"(max-width: 1024px) 100vw, 1024px\" \/><\/figure>\n\n\n\n<p><\/p>\n\n\n\n<p><\/p>\n\n\n\n<figure class=\"wp-block-image size-large\"><img loading=\"lazy\" decoding=\"async\" width=\"1024\" height=\"724\" src=\"https:\/\/archline.ch\/wp-content\/uploads\/2024\/12\/Habitation-FS-dessin-1024x724.jpg\" alt=\"\" class=\"wp-image-1303\" srcset=\"https:\/\/archline.ch\/wp-content\/uploads\/2024\/12\/Habitation-FS-dessin-1024x724.jpg 1024w, https:\/\/archline.ch\/wp-content\/uploads\/2024\/12\/Habitation-FS-dessin-300x212.jpg 300w, https:\/\/archline.ch\/wp-content\/uploads\/2024\/12\/Habitation-FS-dessin-768x543.jpg 768w, https:\/\/archline.ch\/wp-content\/uploads\/2024\/12\/Habitation-FS-dessin-1536x1086.jpg 1536w, https:\/\/archline.ch\/wp-content\/uploads\/2024\/12\/Habitation-FS-dessin-2048x1448.jpg 2048w, https:\/\/archline.ch\/wp-content\/uploads\/2024\/12\/Habitation-FS-dessin-1200x848.jpg 1200w\" sizes=\"(max-width: 1024px) 100vw, 1024px\" \/><\/figure>\n\n\n\n<p><\/p>\n\n\n\n<p><\/p>\n\n\n\n<figure class=\"wp-block-image size-large\"><img loading=\"lazy\" decoding=\"async\" width=\"1024\" height=\"724\" src=\"https:\/\/archline.ch\/wp-content\/uploads\/2024\/12\/Habitation-Coupe-BB-dessin-1024x724.jpg\" alt=\"\" class=\"wp-image-1306\" srcset=\"https:\/\/archline.ch\/wp-content\/uploads\/2024\/12\/Habitation-Coupe-BB-dessin-1024x724.jpg 1024w, https:\/\/archline.ch\/wp-content\/uploads\/2024\/12\/Habitation-Coupe-BB-dessin-300x212.jpg 300w, https:\/\/archline.ch\/wp-content\/uploads\/2024\/12\/Habitation-Coupe-BB-dessin-768x543.jpg 768w, https:\/\/archline.ch\/wp-content\/uploads\/2024\/12\/Habitation-Coupe-BB-dessin-1536x1086.jpg 1536w, https:\/\/archline.ch\/wp-content\/uploads\/2024\/12\/Habitation-Coupe-BB-dessin-2048x1448.jpg 2048w, https:\/\/archline.ch\/wp-content\/uploads\/2024\/12\/Habitation-Coupe-BB-dessin-1200x848.jpg 1200w\" sizes=\"(max-width: 1024px) 100vw, 1024px\" \/><\/figure>\n\n\n\n<p><\/p>\n\n\n\n<p><\/p>\n\n\n\n<figure class=\"wp-block-image size-large\"><img loading=\"lazy\" decoding=\"async\" width=\"1024\" height=\"724\" src=\"https:\/\/archline.ch\/wp-content\/uploads\/2024\/12\/Habitation-FN-dessin-1024x724.jpg\" alt=\"\" class=\"wp-image-1309\" srcset=\"https:\/\/archline.ch\/wp-content\/uploads\/2024\/12\/Habitation-FN-dessin-1024x724.jpg 1024w, https:\/\/archline.ch\/wp-content\/uploads\/2024\/12\/Habitation-FN-dessin-300x212.jpg 300w, https:\/\/archline.ch\/wp-content\/uploads\/2024\/12\/Habitation-FN-dessin-768x543.jpg 768w, https:\/\/archline.ch\/wp-content\/uploads\/2024\/12\/Habitation-FN-dessin-1536x1086.jpg 1536w, https:\/\/archline.ch\/wp-content\/uploads\/2024\/12\/Habitation-FN-dessin-2048x1448.jpg 2048w, https:\/\/archline.ch\/wp-content\/uploads\/2024\/12\/Habitation-FN-dessin-1200x848.jpg 1200w\" sizes=\"(max-width: 1024px) 100vw, 1024px\" \/><\/figure>\n\n\n\n<p><\/p>\n\n\n\n<p><\/p>\n\n\n\n<figure class=\"wp-block-image size-large\"><img loading=\"lazy\" decoding=\"async\" width=\"1024\" height=\"724\" src=\"https:\/\/archline.ch\/wp-content\/uploads\/2024\/12\/Habitation-FO-dessin-1024x724.jpg\" alt=\"\" class=\"wp-image-1311\" srcset=\"https:\/\/archline.ch\/wp-content\/uploads\/2024\/12\/Habitation-FO-dessin-1024x724.jpg 1024w, https:\/\/archline.ch\/wp-content\/uploads\/2024\/12\/Habitation-FO-dessin-300x212.jpg 300w, https:\/\/archline.ch\/wp-content\/uploads\/2024\/12\/Habitation-FO-dessin-768x543.jpg 768w, https:\/\/archline.ch\/wp-content\/uploads\/2024\/12\/Habitation-FO-dessin-1536x1086.jpg 1536w, https:\/\/archline.ch\/wp-content\/uploads\/2024\/12\/Habitation-FO-dessin-2048x1448.jpg 2048w, https:\/\/archline.ch\/wp-content\/uploads\/2024\/12\/Habitation-FO-dessin-1200x848.jpg 1200w\" sizes=\"(max-width: 1024px) 100vw, 1024px\" \/><\/figure>\n","protected":false},"excerpt":{"rendered":"<p>Nous proposons la r\u00e9alisations des dessins d\u2019architecture avec Archicad, AutoCAD ou Revit. Les dessins sont faits selon vos croquis ou des anciens dessins, pdf, etc. Actuellement le tarif appliqu\u00e9 est seulement chf 75.-\/h. Nous proposons notre service pour des travaux suivants: &#8211; Dessins du stade d\u2019avant-projet au 1\/100 \u00e8me; &#8211;&hellip;<\/p>\n<p class=\"more-link-wrapper\"><a class=\"more-link\" href=\"https:\/\/archline.ch\/index.php\/services-en-architecture\/\"><span class=\"fa fa-mail-forward read-more-icon\"><\/span><span class=\"screen-reader-text\">Read More<\/span><\/a><\/p>\n","protected":false},"author":1,"featured_media":0,"parent":0,"menu_order":0,"comment_status":"closed","ping_status":"closed","template":"","meta":{"footnotes":""},"_links":{"self":[{"href":"https:\/\/archline.ch\/index.php\/wp-json\/wp\/v2\/pages\/115"}],"collection":[{"href":"https:\/\/archline.ch\/index.php\/wp-json\/wp\/v2\/pages"}],"about":[{"href":"https:\/\/archline.ch\/index.php\/wp-json\/wp\/v2\/types\/page"}],"author":[{"embeddable":true,"href":"https:\/\/archline.ch\/index.php\/wp-json\/wp\/v2\/users\/1"}],"replies":[{"embeddable":true,"href":"https:\/\/archline.ch\/index.php\/wp-json\/wp\/v2\/comments?post=115"}],"version-history":[{"count":88,"href":"https:\/\/archline.ch\/index.php\/wp-json\/wp\/v2\/pages\/115\/revisions"}],"predecessor-version":[{"id":1393,"href":"https:\/\/archline.ch\/index.php\/wp-json\/wp\/v2\/pages\/115\/revisions\/1393"}],"wp:attachment":[{"href":"https:\/\/archline.ch\/index.php\/wp-json\/wp\/v2\/media?parent=115"}],"curies":[{"name":"wp","href":"https:\/\/api.w.org\/{rel}","templated":true}]}}